{"id":866,"date":"2016-08-09T15:27:34","date_gmt":"2016-08-09T13:27:34","guid":{"rendered":"http:\/\/www.lycee-charles-nodier-ac-besancon.fr\/wordpress\/?page_id=866"},"modified":"2020-08-28T13:43:58","modified_gmt":"2020-08-28T11:43:58","slug":"acces-eleves","status":"publish","type":"page","link":"https:\/\/www.lycee-charles-nodier-ac-besancon.fr\/wordpress\/acces-eleves\/","title":{"rendered":"Acc\u00e8s \u00e9l\u00e8ves"},"content":{"rendered":"<table>\n<tbody>\n<tr>\n<td style=\"border-color: #ffffff; width: 33%; text-align: left; vertical-align: top; background-color: #ffffff;\">\n<h2><strong>Absences<\/strong><\/h2>\n<p style=\"text-align: left;\">Ne pas oublier de signaler une absence \u00e0 la vie scolaire :<br \/>\nTel\u00a003.84.79.00.99<br \/>\nMail : <a href=\"mailto:cpe.0390012b@ac-besancon.fr\"><span style=\"color: #1e73be;\">cpe.0390012b@ac-besancon.fr<\/span><\/a><\/p>\n<h2 style=\"text-align: left;\"><strong>La vie au lyc\u00e9e<\/strong><\/h2>\n<ul style=\"list-style-type: square;\">\n<li><a href=\"https:\/\/www.lycee-charles-nodier-ac-besancon.fr\/wordpress\/category\/vielycee\/infirmerie\/\">L&rsquo;infirmerie<\/a><\/li>\n<li><a href=\"https:\/\/www.lycee-charles-nodier-ac-besancon.fr\/wordpress\/category\/vielycee\/unss\/\">Association sportive du lyc\u00e9e<\/a><\/li>\n<\/ul>\n<p><a href=\"https:\/\/www.lycee-charles-nodier-ac-besancon.fr\/wordpress\/category\/vielycee\/unss\/\"><img loading=\"lazy\" decoding=\"async\" id=\"fullResImage\" class=\"aligncenter\" src=\"https:\/\/www.lycee-charles-nodier-ac-besancon.fr\/wordpress\/wp-content\/uploads\/2016\/07\/UNSS.png\" width=\"122\" height=\"165\" \/><\/a><\/p>\n<ul style=\"list-style-type: square;\">\n<li><a href=\"https:\/\/www.lycee-charles-nodier-ac-besancon.fr\/wordpress\/category\/vielycee\/cvl\/\">Conseil de la Vie Lyc\u00e9enne<\/a><\/li>\n<\/ul>\n<p><a href=\"https:\/\/www.lycee-charles-nodier-ac-besancon.fr\/wordpress\/category\/vielycee\/cvl\/\"><img loading=\"lazy\" decoding=\"async\" id=\"fullResImage\" class=\"aligncenter\" src=\"https:\/\/www.lycee-charles-nodier-ac-besancon.fr\/wordpress\/wp-content\/uploads\/2016\/07\/CVL.gif\" width=\"150\" height=\"103\" \/><\/a><\/p>\n<ul style=\"list-style-type: square;\">\n<li><a href=\"https:\/\/www.lycee-charles-nodier-ac-besancon.fr\/wordpress\/category\/vielycee\/mdl\/\">Maison des lyc\u00e9ens<\/a><\/li>\n<li><a href=\"https:\/\/www.lycee-charles-nodier-ac-besancon.fr\/wordpress\/category\/vielycee\/anap\/\">ANAP<\/a><\/li>\n<li style=\"text-align: left;\"><a href=\"https:\/\/www.lycee-charles-nodier-ac-besancon.fr\/wordpress\/category\/vielycee\/chartes-et-reglements\/\">Chartes et r\u00e8glements<\/a><\/li>\n<\/ul>\n<\/td>\n<td style=\"border-color: #ffffff; width: 33%; text-align: left; vertical-align: top; background-color: #ffffff;\">\n<h2><strong>Orientation<br \/>\n<\/strong><\/h2>\n<p>Conseill\u00e8re d&rsquo;orientation : Mesdames Le Goudiveze et Yucel<\/p>\n<p>RDV aupr\u00e8s des CPE<\/p>\n<p><a href=\"https:\/\/www.parcoursup.fr\/\" target=\"_blank\" rel=\"noopener noreferrer\"><img loading=\"lazy\" decoding=\"async\" class=\"aligncenter wp-image-2283\" src=\"https:\/\/www.lycee-charles-nodier-ac-besancon.fr\/wordpress\/wp-content\/uploads\/2017\/12\/logo_parcoursup_long.png\" alt=\"\" width=\"131\" height=\"47\" \/><\/a><\/p>\n<p><a href=\"https:\/\/www.lycee-charles-nodier-ac-besancon.fr\/wordpress\/preparer-et-constituer-son-dossier-post-bac\/\">Guides APB<\/a><\/p>\n<p><a href=\"http:\/\/www.onisep.fr\/\" target=\"_blank\" rel=\"noopener noreferrer\"><img loading=\"lazy\" decoding=\"async\" class=\"aligncenter wp-image-870 size-full\" src=\"https:\/\/www.lycee-charles-nodier-ac-besancon.fr\/wordpress\/wp-content\/uploads\/2016\/07\/onisep.gif\" alt=\"onisep\" width=\"101\" height=\"30\" \/><\/a><\/p>\n<h2><strong>Calendrier<\/strong><\/h2>\n<ul style=\"list-style-type: square;\">\n<li><a href=\"https:\/\/www.lycee-charles-nodier-ac-besancon.fr\/wordpress\/planning-des-conseils-de-classe\/\">Planning des conseils de classe <\/a><\/li>\n<li><a href=\"https:\/\/www.lycee-charles-nodier-ac-besancon.fr\/wordpress\/dispositif-accompagnement-personnalise\/\">Planning de l&rsquo;Accompagnement Personnalis\u00e9<\/a><\/li>\n<li><a href=\"https:\/\/www.lycee-charles-nodier-ac-besancon.fr\/wordpress\/category\/informations\/bourses\/\">Aides et bourses<\/a><\/li>\n<\/ul>\n<\/td>\n<td style=\"border-color: #ffffff; width: 33%; text-align: left; vertical-align: top; background-color: #ffffff;\">\n<h2><strong>Espaces de travail<\/strong><\/h2>\n<ul style=\"list-style-type: square;\">\n<li>Pour consulter son cahier de texte, ses notes&#8230;<\/li>\n<\/ul>\n<p><a href=\"http:\/\/pronote.lyc-nodier.ac-besancon.fr\/eleve.html\" target=\"_blank\" rel=\"noopener noreferrer\"><img loading=\"lazy\" decoding=\"async\" class=\"aligncenter wp-image-36 size-full\" src=\"https:\/\/www.lycee-charles-nodier-ac-besancon.fr\/wordpress\/wp-content\/uploads\/2016\/07\/pronote-espacespronote1.png\" alt=\"pronote-espacespronote1\" width=\"150\" height=\"105\" \/><\/a><img loading=\"lazy\" decoding=\"async\" class=\"wp-image-4194 aligncenter\" src=\"https:\/\/www.lycee-charles-nodier-ac-besancon.fr\/wordpress\/wp-content\/uploads\/2016\/07\/eleves.png\" alt=\"\" width=\"142\" height=\"142\" srcset=\"https:\/\/www.lycee-charles-nodier-ac-besancon.fr\/wordpress\/wp-content\/uploads\/2016\/07\/eleves.png 300w, https:\/\/www.lycee-charles-nodier-ac-besancon.fr\/wordpress\/wp-content\/uploads\/2016\/07\/eleves-150x150.png 150w\" sizes=\"auto, (max-width: 142px) 100vw, 142px\" \/><\/p>\n<ul style=\"list-style-type: square;\">\n<li>Pour acc\u00e9der aux ressources documentaires\u00a0du CDI<\/li>\n<\/ul>\n<p><a href=\"http:\/\/0390012b.esidoc.fr\/\" target=\"_blank\" rel=\"noopener noreferrer\"><img loading=\"lazy\" decoding=\"async\" class=\"wp-image-37 size-full aligncenter\" src=\"https:\/\/www.lycee-charles-nodier-ac-besancon.fr\/wordpress\/wp-content\/uploads\/2016\/07\/logo-esidoc.png\" alt=\"logo-esidoc\" width=\"97\" height=\"36\" \/><\/a><\/td>\n<\/tr>\n<\/tbody>\n<\/table>\n","protected":false},"excerpt":{"rendered":"<p>Absences Ne pas oublier de signaler une absence \u00e0 la vie scolaire : Tel\u00a003.84.79.00.99 Mail : cpe.0390012b@ac-besancon.fr La vie au lyc\u00e9e L&rsquo;infirmerie Association sportive du lyc\u00e9e Conseil de la Vie\u2026<\/p>\n<p> <a class=\"continue-reading-link\" href=\"https:\/\/www.lycee-charles-nodier-ac-besancon.fr\/wordpress\/acces-eleves\/\"><span>Lire la suite<\/span><i class=\"crycon-right-dir\"><\/i><\/a> <\/p>\n","protected":false},"author":2,"featured_media":0,"parent":0,"menu_order":0,"comment_status":"closed","ping_status":"closed","template":"","meta":{"footnotes":""},"coauthors":[],"class_list":["post-866","page","type-page","status-publish","hentry"],"_links":{"self":[{"href":"https:\/\/www.lycee-charles-nodier-ac-besancon.fr\/wordpress\/wp-json\/wp\/v2\/pages\/866","targetHints":{"allow":["GET"]}}],"collection":[{"href":"https:\/\/www.lycee-charles-nodier-ac-besancon.fr\/wordpress\/wp-json\/wp\/v2\/pages"}],"about":[{"href":"https:\/\/www.lycee-charles-nodier-ac-besancon.fr\/wordpress\/wp-json\/wp\/v2\/types\/page"}],"author":[{"embeddable":true,"href":"https:\/\/www.lycee-charles-nodier-ac-besancon.fr\/wordpress\/wp-json\/wp\/v2\/users\/2"}],"replies":[{"embeddable":true,"href":"https:\/\/www.lycee-charles-nodier-ac-besancon.fr\/wordpress\/wp-json\/wp\/v2\/comments?post=866"}],"version-history":[{"count":20,"href":"https:\/\/www.lycee-charles-nodier-ac-besancon.fr\/wordpress\/wp-json\/wp\/v2\/pages\/866\/revisions"}],"predecessor-version":[{"id":4198,"href":"https:\/\/www.lycee-charles-nodier-ac-besancon.fr\/wordpress\/wp-json\/wp\/v2\/pages\/866\/revisions\/4198"}],"wp:attachment":[{"href":"https:\/\/www.lycee-charles-nodier-ac-besancon.fr\/wordpress\/wp-json\/wp\/v2\/media?parent=866"}],"wp:term":[{"taxonomy":"author","embeddable":true,"href":"https:\/\/www.lycee-charles-nodier-ac-besancon.fr\/wordpress\/wp-json\/wp\/v2\/coauthors?post=866"}],"curies":[{"name":"wp","href":"https:\/\/api.w.org\/{rel}","templated":true}]}}